{"id":4642,"date":"2026-01-01T16:03:29","date_gmt":"2026-01-01T20:03:29","guid":{"rendered":"https:\/\/ctri.qc.ca\/membre\/julie-caron\/"},"modified":"2025-11-20T14:35:32","modified_gmt":"2025-11-20T18:35:32","slug":"julie-caron","status":"publish","type":"membre","link":"https:\/\/ctri.qc.ca\/en\/membre\/julie-caron\/","title":{"rendered":"Julie Caron"},"content":{"rendered":"\n<p>Titulaire d\u2019un baccalaur\u00e9at en g\u00e9nie chimique de l\u2019\u00c9cole Polytechnique de Montr\u00e9al, Mme Caron poss\u00e8de une vaste exp\u00e9rience dans le secteur manufacturier, ayant \u0153uvr\u00e9 dans des industries vari\u00e9es telles que la chimie, les plastiques, le mobilier, la fabrication m\u00e9tallique, ainsi que le transport a\u00e9ronautique.<br\/>Tout au long de sa carri\u00e8re, elle a enrichi son expertise par de nombreuses formations en administration, gestion de la s\u00e9curit\u00e9, gestion de projets, am\u00e9lioration continue et gestion de la qualit\u00e9. Ing\u00e9nieure de production et de proc\u00e9d\u00e9s \u00e0 ses d\u00e9buts, elle a par la suite occup\u00e9 plusieurs postes de haute direction et a agi comme consultante et formatrice dans divers domaines li\u00e9s \u00e0 la gestion et \u00e0 l\u2019efficacit\u00e9 organisationnelle.<br\/>Gr\u00e2ce \u00e0 son parcours diversifi\u00e9, \u00e0 son leadership reconnu et \u00e0 son vaste r\u00e9seau dans le milieu des affaires, Mme Caron apporte au CTRI une contribution strat\u00e9gique pr\u00e9cieuse qui favorisera son d\u00e9veloppement et son rayonnement. <\/p>\n\n<p><\/p>\n","protected":false},"excerpt":{"rendered":"<p>Titulaire d\u2019un baccalaur\u00e9at en g\u00e9nie chimique de l\u2019\u00c9cole Polytechnique de Montr\u00e9al, Mme Caron poss\u00e8de une vaste exp\u00e9rience dans le secteur manufacturier, ayant \u0153uvr\u00e9 dans des industries vari\u00e9es telles que la chimie, les plastiques, le mobilier, la fabrication m\u00e9tallique, ainsi que le transport a\u00e9ronautique.Tout au long de sa carri\u00e8re, elle a enrichi son expertise par de [&hellip;]<\/p>\n","protected":false},"featured_media":4635,"template":"","meta":{"_acf_changed":false},"categories":[1],"class_list":["post-4642","membre","type-membre","status-publish","has-post-thumbnail","hentry","category-non-classifiee"],"acf":[],"_links":{"self":[{"href":"https:\/\/ctri.qc.ca\/en\/wp-json\/wp\/v2\/membre\/4642","targetHints":{"allow":["GET"]}}],"collection":[{"href":"https:\/\/ctri.qc.ca\/en\/wp-json\/wp\/v2\/membre"}],"about":[{"href":"https:\/\/ctri.qc.ca\/en\/wp-json\/wp\/v2\/types\/membre"}],"wp:featuredmedia":[{"embeddable":true,"href":"https:\/\/ctri.qc.ca\/en\/wp-json\/wp\/v2\/media\/4635"}],"wp:attachment":[{"href":"https:\/\/ctri.qc.ca\/en\/wp-json\/wp\/v2\/media?parent=4642"}],"wp:term":[{"taxonomy":"category","embeddable":true,"href":"https:\/\/ctri.qc.ca\/en\/wp-json\/wp\/v2\/categories?post=4642"}],"curies":[{"name":"wp","href":"https:\/\/api.w.org\/{rel}","templated":true}]}}